{"id":17,"date":"2018-10-13T12:56:44","date_gmt":"2018-10-13T12:56:44","guid":{"rendered":"https:\/\/www.dular.world\/SI\/?page_id=17"},"modified":"2025-11-09T19:36:56","modified_gmt":"2025-11-09T17:36:56","slug":"domov","status":"publish","type":"page","link":"https:\/\/www.dular.world\/SI\/","title":{"rendered":"Prednja stran \/ Homepage"},"content":{"rendered":"\n<p><\/p>\n\n\n\n<p><strong>Maj 2025<\/strong>. Kratka zgodba z naslovom <em><a href=\"https:\/\/jalastovka.si\/zadnja-priloznost-za-ogled\/\">Zadnja prilo\u017enost za ogled<\/a><\/em> na portalu Jantarna lastovka.<\/p>\n\n\n\n<p><strong>December 2024\/Januar 2025<\/strong>. Pri zalo\u017ebi Hirondelle je iz\u0161la \u010detrta pesni\u0161ka zbirka fotoverzov z naslovom <a href=\"https:\/\/plus.cobiss.net\/cobiss\/si\/sl\/bib\/220536323\"><strong>Biotija<\/strong><\/a>. <a href=\"https:\/\/airbeletrina.si\/knjige-ki-jih-pricakujemo-in-se-jih-veselimo-v-letu-2025\/\">Najava pesni\u0161ke zbirke na AirBeletrina<\/a>. Na voljo v Avrorini Galarni, na EMKA in v knjigarnah.<\/p>\n\n\n\n<p><strong>November 2024<\/strong>. <em><a href=\"https:\/\/jalastovka.si\/tri-juznoameriske-junakinje\/\">Tri ju\u017enoameri\u0161ke junakinje<\/a><\/em>, potopisni utrinek na portalu Jantarna lastovka.<\/p>\n\n\n\n<p><strong>Avgust 2024<\/strong>. Iz\u0161la je druga zbirka kratkih zgodb z naslovom <strong>Lahkotnost molka<\/strong><em><strong> Urok ti\u0161ine<\/strong><\/em>. Na voljo na <a href=\"https:\/\/www.primus.si\">www.primus.si<\/a>, na EMKA in v knjigarnah.<\/p>\n\n\n\n<p><strong>Julij 2024<\/strong>. Iz\u0161el je PRVI avtori\u010din <strong>roman<\/strong> z naslovom <a href=\"https:\/\/zalozba-litera.org\/Book\/Single?bookId=576&amp;fbclid=IwZXh0bgNhZW0CMTAAAR0mlWatf_NyEEhYEYCVYcoLqUANQaGjh4WUep7IrSStOK80_lQCFVOnumE_aem_vkwXArdq8O_o0t8iBK3l7Q\"><strong>Hoja po oblakih<\/strong><\/a>. Na voljo pri zalo\u017ebi Litera, na EMKA in v knjigarnah.<\/p>\n\n\n\n<p><strong>Maj 2024<\/strong>. Zelo kratka zgodba z naslovom <strong>Genetika<\/strong> je objavljena na <a href=\"https:\/\/jalastovka.si\/genetika\/\">Jantarni lastovki<\/a>.<\/p>\n\n\n\n<p><strong>Februar 2025<\/strong>. <a href=\"https:\/\/jalastovka.si\/pogovor-z-mirjam-dular\/\">Intervju<\/a> ob izidu pesni\u0161ke zbirka Biotija, Hirondelle, 2024.<\/p>\n\n\n\n<p><strong>Januar 2024<\/strong>. Kratka zgodba z naslovom <a href=\"https:\/\/hirondelle.si\/refleksije\/nevidni-clen\/\"><strong>Nevidni \u010dlen<\/strong><\/a> je objavljena na strani hirondelle.si.<\/p>\n\n\n\n<p><strong>Januar 2024<\/strong>. Pesem <a href=\"https:\/\/www.pesem.si\/a\/objava\/prikaz\/173721\/monte_albn\"><strong>Monte Alb\u00e1n<\/strong><\/a> je na portalu www.pesem.si postala izbranka uredni\u0161tva jeseni 2023. Za utemeljitev uredni\u0161tva glej zavihek Komentarji, 9. 1. 2024.<\/p>\n\n\n\n<p><strong>December 2022<\/strong>. Rokopis romana z naslovom <em>Hoja po oblakih<\/em> je pri\u0161el v o\u017eji izbor <a href=\"https:\/\/www.zalozba-litera.org\/Home\/Events\">literarnega nate\u010daja<\/a> ob 20-letnici zalo\u017ebe Litera.<\/p>\n\n\n\n<figure class=\"wp-block-image size-large\"><img loading=\"lazy\" decoding=\"async\" width=\"1024\" height=\"376\" src=\"https:\/\/www.dular.world\/SI\/wp-content\/uploads\/2024\/01\/image-1024x376.png\" alt=\"\" class=\"wp-image-3515\" srcset=\"https:\/\/www.dular.world\/SI\/wp-content\/uploads\/2024\/01\/image-1024x376.png 1024w, https:\/\/www.dular.world\/SI\/wp-content\/uploads\/2024\/01\/image-300x110.png 300w, https:\/\/www.dular.world\/SI\/wp-content\/uploads\/2024\/01\/image-768x282.png 768w, https:\/\/www.dular.world\/SI\/wp-content\/uploads\/2024\/01\/image.png 1142w\" sizes=\"auto, (max-width: 767px) 89vw, (max-width: 1000px) 54vw, (max-width: 1071px) 543px, 580px\" \/><\/figure>\n\n\n\n<p><strong>VSE KNJIGE AVTORICE<\/strong><\/p>\n\n\n\n<p>\u0160tiri pesni\u0161ke zbirke, dve zbirki kratke proze in roman<\/p>\n\n\n\n<figure class=\"wp-block-image size-full\"><img loading=\"lazy\" decoding=\"async\" width=\"226\" height=\"304\" src=\"https:\/\/www.dular.world\/SI\/wp-content\/uploads\/2025\/01\/Naslovka-e1738329990399.jpg\" alt=\"\" class=\"wp-image-3554\" \/><\/figure>\n\n\n\n<p><strong><a href=\"https:\/\/www.dular.world\/SI\/kontakt\/\"><img loading=\"lazy\" decoding=\"async\" width=\"189\" height=\"300\" class=\"alignnone size-medium wp-image-3324\" src=\"https:\/\/www.dular.world\/SI\/wp-content\/uploads\/2022\/03\/naslovnica-izrez-189x300.jpg\" alt=\"\" srcset=\"https:\/\/www.dular.world\/SI\/wp-content\/uploads\/2022\/03\/naslovnica-izrez-189x300.jpg 189w, https:\/\/www.dular.world\/SI\/wp-content\/uploads\/2022\/03\/naslovnica-izrez.jpg 309w\" sizes=\"auto, (max-width: 189px) 100vw, 189px\" \/><img loading=\"lazy\" decoding=\"async\" width=\"190\" height=\"300\" class=\"alignnone wp-image-2953 size-medium\" src=\"https:\/\/www.dular.world\/SI\/wp-content\/uploads\/2021\/10\/slika-knjige-190x300.jpg\" alt=\"\" srcset=\"https:\/\/www.dular.world\/SI\/wp-content\/uploads\/2021\/10\/slika-knjige-190x300.jpg 190w, https:\/\/www.dular.world\/SI\/wp-content\/uploads\/2021\/10\/slika-knjige.jpg 392w\" sizes=\"auto, (max-width: 190px) 100vw, 190px\" \/><img loading=\"lazy\" decoding=\"async\" width=\"190\" height=\"300\" class=\"alignnone wp-image-1902 size-medium\" src=\"https:\/\/www.dular.world\/SI\/wp-content\/uploads\/2020\/09\/Stikanja-190x300.png\" alt=\"\" srcset=\"https:\/\/www.dular.world\/SI\/wp-content\/uploads\/2020\/09\/Stikanja-190x300.png 190w, https:\/\/www.dular.world\/SI\/wp-content\/uploads\/2020\/09\/Stikanja.png 311w\" sizes=\"auto, (max-width: 190px) 100vw, 190px\" \/><\/a>&nbsp; &nbsp; &nbsp; &nbsp; &nbsp;<a href=\"https:\/\/www.dular.world\/SI\/kontakt\/\"><img loading=\"lazy\" decoding=\"async\" width=\"193\" height=\"300\" class=\"alignnone size-medium wp-image-1900\" src=\"https:\/\/www.dular.world\/SI\/wp-content\/uploads\/2020\/09\/milina-pogovora-small-193x300.jpg\" alt=\"\" srcset=\"https:\/\/www.dular.world\/SI\/wp-content\/uploads\/2020\/09\/milina-pogovora-small-193x300.jpg 193w, https:\/\/www.dular.world\/SI\/wp-content\/uploads\/2020\/09\/milina-pogovora-small-768x1194.jpg 768w, https:\/\/www.dular.world\/SI\/wp-content\/uploads\/2020\/09\/milina-pogovora-small-659x1024.jpg 659w, https:\/\/www.dular.world\/SI\/wp-content\/uploads\/2020\/09\/milina-pogovora-small.jpg 1671w\" sizes=\"auto, (max-width: 193px) 100vw, 193px\" \/><\/a><\/strong> <\/p>\n\n\n\n<figure class=\"wp-block-image size-full is-resized\"><img loading=\"lazy\" decoding=\"async\" width=\"406\" height=\"627\" src=\"https:\/\/www.dular.world\/SI\/wp-content\/uploads\/2024\/08\/naslovnica-izrez-1.jpg\" alt=\"\" class=\"wp-image-3543\" style=\"width:194px;height:auto\" srcset=\"https:\/\/www.dular.world\/SI\/wp-content\/uploads\/2024\/08\/naslovnica-izrez-1.jpg 406w, https:\/\/www.dular.world\/SI\/wp-content\/uploads\/2024\/08\/naslovnica-izrez-1-194x300.jpg 194w\" sizes=\"auto, (max-width: 406px) 100vw, 406px\" \/><\/figure>\n\n\n\n<figure class=\"wp-block-image size-full is-resized\"><img loading=\"lazy\" decoding=\"async\" width=\"350\" height=\"516\" src=\"https:\/\/www.dular.world\/SI\/wp-content\/uploads\/2024\/08\/naslovnica-izrez.jpg\" alt=\"\" class=\"wp-image-3539\" style=\"width:193px;height:auto\" srcset=\"https:\/\/www.dular.world\/SI\/wp-content\/uploads\/2024\/08\/naslovnica-izrez.jpg 350w, https:\/\/www.dular.world\/SI\/wp-content\/uploads\/2024\/08\/naslovnica-izrez-203x300.jpg 203w\" sizes=\"auto, (max-width: 350px) 100vw, 350px\" \/><\/figure>\n\n\n\n<p><strong>19. marec 2022<\/strong>. Predstavitev tretje&nbsp;pesni\u0161ke zbirke fotoverzov, <strong>Lirika<\/strong>. Na portalu&nbsp;<a href=\"https:\/\/www.pesem.si\/a\/objava\/prikaz\/161166\/tisoc_in_en_fotoverz_-_videovirtualni_vecer_z_mirjam_dular\">pesem.si<\/a> ali na <a href=\"https:\/\/www.youtube.com\/watch?v=aSwbW08HXM0\">Youtube<\/a>. Tudi na zadnji strani platnic je pesem:<\/p>\n\n\n\n<figure class=\"wp-block-image size-large\"><img loading=\"lazy\" decoding=\"async\" width=\"498\" height=\"622\" src=\"https:\/\/www.dular.world\/SI\/wp-content\/uploads\/2022\/12\/zadnja.jpg\" alt=\"\" class=\"wp-image-3423\" srcset=\"https:\/\/www.dular.world\/SI\/wp-content\/uploads\/2022\/12\/zadnja.jpg 498w, https:\/\/www.dular.world\/SI\/wp-content\/uploads\/2022\/12\/zadnja-240x300.jpg 240w\" sizes=\"auto, (max-width: 498px) 100vw, 498px\" \/><\/figure>\n\n\n\n<p><strong>8. februar 2022<\/strong>. V parku Zvezda v Kranju. V izvedbi Layerjeve hi\u0161e. Na oglasnih panojih TUDI poezija, levi pano na sliki:<\/p>\n\n\n\n<div class=\"wp-block-columns is-layout-flex wp-container-core-columns-is-layout-9d6595d7 wp-block-columns-is-layout-flex\">\n<div class=\"wp-block-column is-layout-flow wp-block-column-is-layout-flow\" style=\"flex-basis:100%\">\n<figure class=\"wp-block-image size-large\"><img loading=\"lazy\" decoding=\"async\" width=\"539\" height=\"403\" src=\"https:\/\/www.dular.world\/SI\/wp-content\/uploads\/2022\/12\/8februar_2022.jpeg\" alt=\"\" class=\"wp-image-3389\" srcset=\"https:\/\/www.dular.world\/SI\/wp-content\/uploads\/2022\/12\/8februar_2022.jpeg 539w, https:\/\/www.dular.world\/SI\/wp-content\/uploads\/2022\/12\/8februar_2022-300x224.jpeg 300w\" sizes=\"auto, (max-width: 539px) 100vw, 539px\" \/><figcaption class=\"wp-element-caption\">Vir zg. in sp. fotografije: Ana \u017duni\u010d, Layerjeva hi\u0161a v Kranju<\/figcaption><\/figure>\n\n\n\n<figure class=\"wp-block-image size-large\"><img loading=\"lazy\" decoding=\"async\" width=\"565\" height=\"796\" src=\"https:\/\/www.dular.world\/SI\/wp-content\/uploads\/2022\/12\/plakat1-1.jpg\" alt=\"\" class=\"wp-image-3402\" srcset=\"https:\/\/www.dular.world\/SI\/wp-content\/uploads\/2022\/12\/plakat1-1.jpg 565w, https:\/\/www.dular.world\/SI\/wp-content\/uploads\/2022\/12\/plakat1-1-213x300.jpg 213w\" sizes=\"auto, (max-width: 565px) 100vw, 565px\" \/><\/figure>\n<\/div>\n<\/div>\n\n\n\n<p><\/p>\n\n\n\n<p><strong>1. september 2021. <\/strong><a href=\"https:\/\/www.facebook.com\/LayerjevaHisa\/posts\/4282896451776438\">Predstavitev<\/a> druge pesni\u0161ke zbirke fotoverzov, <strong>SND &#8211; Spoznavanje narave in dru\u017ebe<\/strong>. <\/p>\n\n\n\n<p><img loading=\"lazy\" decoding=\"async\" width=\"300\" height=\"169\" class=\"alignnone size-medium wp-image-2958\" src=\"https:\/\/www.dular.world\/SI\/wp-content\/uploads\/2021\/10\/SND-cover2-300x169.jpg\" alt=\"\" srcset=\"https:\/\/www.dular.world\/SI\/wp-content\/uploads\/2021\/10\/SND-cover2-300x169.jpg 300w, https:\/\/www.dular.world\/SI\/wp-content\/uploads\/2021\/10\/SND-cover2-768x432.jpg 768w, https:\/\/www.dular.world\/SI\/wp-content\/uploads\/2021\/10\/SND-cover2-1024x576.jpg 1024w, https:\/\/www.dular.world\/SI\/wp-content\/uploads\/2021\/10\/SND-cover2.jpg 1920w\" sizes=\"auto, (max-width: 300px) 100vw, 300px\" \/> <\/p>\n\n\n\n<p><strong>Maj 2021. <em>NOVO!<\/em><\/strong> V poletje s pesmijo na majici.<\/p>\n\n\n\n<p> <a href=\"https:\/\/www.dular.world\/SI\/kontakt\/\"><img loading=\"lazy\" decoding=\"async\" width=\"300\" height=\"218\" class=\"alignnone size-medium wp-image-2614\" src=\"https:\/\/www.dular.world\/SI\/wp-content\/uploads\/2021\/05\/majica1-300x218.jpg\" alt=\"\" srcset=\"https:\/\/www.dular.world\/SI\/wp-content\/uploads\/2021\/05\/majica1-300x218.jpg 300w, https:\/\/www.dular.world\/SI\/wp-content\/uploads\/2021\/05\/majica1-768x559.jpg 768w, https:\/\/www.dular.world\/SI\/wp-content\/uploads\/2021\/05\/majica1.jpg 770w\" sizes=\"auto, (max-width: 300px) 100vw, 300px\" \/><\/a> <\/p>\n\n\n\n<p><strong>8. februar 2021<\/strong>. Pogovor o pesmih na kulturni praznik. <a href=\"https:\/\/www.youtube.com\/watch?v=WuxSTTDuaL8\">Na YouTube<\/a> iz Kranja.<\/p>\n\n\n\n<p><strong>13. november 2020<\/strong>. <a href=\"https:\/\/www.youtube.com\/watch?v=t8eCmCEXIII&amp;feature=youtu.be&amp;fbclid=IwAR12QJS6PMr6mAGkF6D1iAypZomirH5Hf5G7bT3fgRtOQEJaYerjyBFUcl4\">Predstavitev<\/a> Stikanj na <strong>VVV Pesem.si <\/strong>z&nbsp;urednico portala Pesem.si in pesnico&nbsp;<strong>Ano Porenta<\/strong>. <\/p>\n\n\n\n<p><strong>Septembra 2020<\/strong>&nbsp;je pri zalo\u017ebi <a href=\"http:\/\/www.layer.si\/si\/projekti-in-dejavnosti\/mirjam-dular-stikanja-layerjeva-zalozba-2020\">Layerjeva hi\u0161a<\/a> iz\u0161la prva zbirka fotoverzov z naslovom&nbsp;<b><a href=\"https:\/\/plus.si.cobiss.net\/opac7\/bib\/27719683\"><em>Stikanja<\/em><\/a>. <\/b><a href=\"https:\/\/www.dular.world\/SI\/obe\/\">Predstavitev<\/a> je bila 24. 9. 2020 v <a href=\"https:\/\/www.dular.world\/SI\/plakat\/\">Stolpu<\/a> Layerjeve hi\u0161e v Kranju. Pesmi je bral <a href=\"https:\/\/www.dular.world\/SI\/gal-bere\/\">Gal Grobov\u0161ek<\/a>.<\/p>\n\n\n\n<p> <img loading=\"lazy\" decoding=\"async\" width=\"300\" height=\"169\" class=\"alignnone size-medium wp-image-1901\" src=\"https:\/\/www.dular.world\/SI\/wp-content\/uploads\/2020\/09\/Stikanja-cover2-low-300x169.jpg\" alt=\"\" srcset=\"https:\/\/www.dular.world\/SI\/wp-content\/uploads\/2020\/09\/Stikanja-cover2-low-300x169.jpg 300w, https:\/\/www.dular.world\/SI\/wp-content\/uploads\/2020\/09\/Stikanja-cover2-low-768x432.jpg 768w, https:\/\/www.dular.world\/SI\/wp-content\/uploads\/2020\/09\/Stikanja-cover2-low-1024x576.jpg 1024w, https:\/\/www.dular.world\/SI\/wp-content\/uploads\/2020\/09\/Stikanja-cover2-low.jpg 1920w\" sizes=\"auto, (max-width: 300px) 100vw, 300px\" \/> <\/p>\n\n\n\n<p>Li\u010dna in vsebinsko bogata knjiga je lahko ideja za (novoletno) darilo, poslovno ali zasebno. <a href=\"https:\/\/www.dular.world\/SI\/kontakt\/\">Kontakt<\/a>. <\/p>\n\n\n\n<p class=\"has-text-align-left\"><strong><span class=\"has-inline-color has-vivid-red-color\">NEW!<\/span><\/strong> <span class=\"has-inline-color has-vivid-red-color\"><a href=\"https:\/\/www.amazon.com\/s?k=mirjam+dular&amp;ref=nb_sb_noss\">Short stories in English<\/a> available on Amazon. <\/span><\/p>\n\n\n\n<p><strong>November 2019<\/strong>. Finalistka dr\u017eavnega sre\u010danja odraslih literatov 2019, <a href=\"https:\/\/www.jskd.si\/literatura\/natecaji_literatura\/odrasli\/2019\/uvod_odrasli_19.htm\">V zavetju besede<\/a>, s kratko zgodbo <strong>Bolni\u0161ki brat<\/strong>, ki se za\u010dne&nbsp;<a href=\"https:\/\/www.dular.world\/SI\/brat-slika\/\">takole<\/a> &#8230; Zgodba je vklju\u010dena v <a href=\"https:\/\/knjigarna.jskd.si\/v-zavetjubesede2017-2019\">zborniku JSKD.<\/a><\/p>\n\n\n\n<p><strong>Oktober 2018.<\/strong> Iz\u0161la je prva zbirka kratkih zgodb avtorice Mirjam Dular. <a href=\"https:\/\/www.dular.world\/SI\/oddelek-domace-strani\/\"><strong>Milina pogovora<\/strong><\/a>.<\/p>\n\n\n\n<p class=\"has-text-align-center has-light-green-cyan-color has-text-color\"><em>Vzemi jo v roke &#8230;<\/em><\/p>\n\n\n<div class=\"wp-block-image\">\n<figure class=\"aligncenter\"><img loading=\"lazy\" decoding=\"async\" width=\"250\" height=\"252\" src=\"https:\/\/www.dular.world\/SI\/wp-content\/uploads\/2018\/10\/MirjamLOGO250x250.jpg\" alt=\"\" class=\"wp-image-40\" srcset=\"https:\/\/www.dular.world\/SI\/wp-content\/uploads\/2018\/10\/MirjamLOGO250x250.jpg 250w, https:\/\/www.dular.world\/SI\/wp-content\/uploads\/2018\/10\/MirjamLOGO250x250-150x150.jpg 150w, https:\/\/www.dular.world\/SI\/wp-content\/uploads\/2018\/10\/MirjamLOGO250x250-100x100.jpg 100w\" sizes=\"auto, (max-width: 250px) 100vw, 250px\" \/><\/figure><\/div>","protected":false},"excerpt":{"rendered":"<p>Maj 2025. Kratka zgodba z naslovom Zadnja prilo\u017enost za ogled na portalu Jantarna lastovka. December 2024\/Januar 2025. Pri zalo\u017ebi Hirondelle je iz\u0161la \u010detrta pesni\u0161ka zbirka fotoverzov z naslovom Biotija. Najava pesni\u0161ke zbirke na AirBeletrina. Na voljo v Avrorini Galarni, na EMKA in v knjigarnah. November 2024. Tri ju\u017enoameri\u0161ke junakinje, potopisni utrinek na portalu Jantarna lastovka. &hellip; <\/p>\n<p class=\"link-more\"><a href=\"https:\/\/www.dular.world\/SI\/\" class=\"more-link\">Preberi ve\u010d<span class=\"screen-reader-text\"> &#8220;Prednja stran \/ Homepage&#8221;<\/span><\/a><\/p>\n","protected":false},"author":1,"featured_media":0,"parent":0,"menu_order":0,"comment_status":"closed","ping_status":"closed","template":"","meta":{"footnotes":""},"class_list":["post-17","page","type-page","status-publish","hentry"],"_links":{"self":[{"href":"https:\/\/www.dular.world\/SI\/wp-json\/wp\/v2\/pages\/17","targetHints":{"allow":["GET"]}}],"collection":[{"href":"https:\/\/www.dular.world\/SI\/wp-json\/wp\/v2\/pages"}],"about":[{"href":"https:\/\/www.dular.world\/SI\/wp-json\/wp\/v2\/types\/page"}],"author":[{"embeddable":true,"href":"https:\/\/www.dular.world\/SI\/wp-json\/wp\/v2\/users\/1"}],"replies":[{"embeddable":true,"href":"https:\/\/www.dular.world\/SI\/wp-json\/wp\/v2\/comments?post=17"}],"version-history":[{"count":137,"href":"https:\/\/www.dular.world\/SI\/wp-json\/wp\/v2\/pages\/17\/revisions"}],"predecessor-version":[{"id":3627,"href":"https:\/\/www.dular.world\/SI\/wp-json\/wp\/v2\/pages\/17\/revisions\/3627"}],"wp:attachment":[{"href":"https:\/\/www.dular.world\/SI\/wp-json\/wp\/v2\/media?parent=17"}],"curies":[{"name":"wp","href":"https:\/\/api.w.org\/{rel}","templated":true}]}}